{"id":8116,"date":"2024-11-26T11:19:43","date_gmt":"2024-11-26T10:19:43","guid":{"rendered":"https:\/\/www.jjlogistics.fr\/?page_id=8116"},"modified":"2025-01-13T10:06:24","modified_gmt":"2025-01-13T09:06:24","slug":"conseil-en-transport-et-optimisation","status":"publish","type":"page","link":"https:\/\/www.jjlogistics.fr\/index.php\/conseil-en-transport-et-optimisation\/","title":{"rendered":"Conseil en Transport et Optimisation"},"content":{"rendered":"<p>[et_pb_section fb_built=\u00a0\u00bb1&Prime; admin_label=\u00a0\u00bbHeader\u00a0\u00bb _builder_version=\u00a0\u00bb4.27.4&Prime; _module_preset=\u00a0\u00bbdefault\u00a0\u00bb background_image=\u00a0\u00bbhttps:\/\/www.jjlogistics.fr\/wp-content\/uploads\/2025\/01\/AdobeStock_926688608-scaled.jpeg\u00a0\u00bb background_position=\u00a0\u00bbtop_center\u00a0\u00bb custom_padding=\u00a0\u00bb8vw||0px||false|false\u00a0\u00bb hover_enabled=\u00a0\u00bb0&Prime; collapsed=\u00a0\u00bbon\u00a0\u00bb global_colors_info=\u00a0\u00bb{}\u00a0\u00bb title_text=\u00a0\u00bbWoman business truck dispatcher. Businesswoman with gadgets working in office. Truck driving along road, rear view. Cargo logistics. Girl employee of truck business. Woman coordinating driver lorry\u00a0\u00bb sticky_enabled=\u00a0\u00bb0&Prime;][et_pb_row custom_padding_last_edited=\u00a0\u00bbon|desktop\u00a0\u00bb _builder_version=\u00a0\u00bb4.22.1&Prime; _module_preset=\u00a0\u00bbdefault\u00a0\u00bb background_color=\u00a0\u00bbgcid-a9d8e14e-2f78-408a-a83c-506939196b52&Prime; custom_padding=\u00a0\u00bb60px|60px|60px|120px|true|false\u00a0\u00bb custom_padding_tablet=\u00a0\u00bb30px|30px|30px|60px|true|false\u00a0\u00bb custom_padding_phone=\u00a0\u00bb20px|20px|20px|40px|true|false\u00a0\u00bb border_radii=\u00a0\u00bboff|30px|30px||\u00a0\u00bb global_colors_info=\u00a0\u00bb{%22gcid-a9d8e14e-2f78-408a-a83c-506939196b52%22:%91%22background_color%22%93}\u00a0\u00bb][et_pb_column type=\u00a0\u00bb4_4&Prime; _builder_version=\u00a0\u00bb4.22.1&Prime; _module_preset=\u00a0\u00bbdefault\u00a0\u00bb global_colors_info=\u00a0\u00bb{}\u00a0\u00bb][et_pb_text _builder_version=\u00a0\u00bb4.27.4&Prime; _module_preset=\u00a0\u00bb4870dc98-a0c0-4afe-9f6b-c5d991739fce\u00a0\u00bb header_text_color=\u00a0\u00bb#FFFFFF\u00a0\u00bb global_colors_info=\u00a0\u00bb{}\u00a0\u00bb]<\/p>\n<h1 style=\"text-align: center;\">Conseil en Transport et Optimisation<\/h1>\n<p>[\/et_pb_text][\/et_pb_column][\/et_pb_row][\/et_pb_section][et_pb_section fb_built=\u00a0\u00bb1&Prime; admin_label=\u00a0\u00bbAbout\u00a0\u00bb _builder_version=\u00a0\u00bb4.27.2&Prime; _module_preset=\u00a0\u00bbdefault\u00a0\u00bb bottom_divider_color=\u00a0\u00bbRGBA(255,255,255,0)\u00a0\u00bb locked=\u00a0\u00bboff\u00a0\u00bb collapsed=\u00a0\u00bbon\u00a0\u00bb global_colors_info=\u00a0\u00bb{}\u00a0\u00bb][et_pb_row use_custom_gutter=\u00a0\u00bbon\u00a0\u00bb gutter_width=\u00a0\u00bb4&Prime; make_equal=\u00a0\u00bbon\u00a0\u00bb _builder_version=\u00a0\u00bb4.27.2&Prime; _module_preset=\u00a0\u00bbdefault\u00a0\u00bb width=\u00a0\u00bb100%\u00a0\u00bb max_width=\u00a0\u00bb1075px\u00a0\u00bb global_colors_info=\u00a0\u00bb{}\u00a0\u00bb][et_pb_column type=\u00a0\u00bb4_4&Prime; _builder_version=\u00a0\u00bb4.19.1&Prime; _module_preset=\u00a0\u00bbdefault\u00a0\u00bb global_colors_info=\u00a0\u00bb{}\u00a0\u00bb][et_pb_text _builder_version=\u00a0\u00bb4.27.4&Prime; _module_preset=\u00a0\u00bb441fc02c-daf6-4229-ab4d-9a62b0ab5da9&Prime; global_colors_info=\u00a0\u00bb{}\u00a0\u00bb]<\/p>\n<h2 style=\"text-align: center;\">Conseil en Transport et Optimisation : Maximisez Vos Performances Logistiques<\/h2>\n<p>[\/et_pb_text][\/et_pb_column][\/et_pb_row][et_pb_row _builder_version=\u00a0\u00bb4.27.3&Prime; _module_preset=\u00a0\u00bbdefault\u00a0\u00bb custom_padding=\u00a0\u00bb||0px|||\u00a0\u00bb global_colors_info=\u00a0\u00bb{}\u00a0\u00bb][et_pb_column type=\u00a0\u00bb4_4&Prime; _builder_version=\u00a0\u00bb4.27.3&Prime; _module_preset=\u00a0\u00bbdefault\u00a0\u00bb global_colors_info=\u00a0\u00bb{}\u00a0\u00bb][et_pb_text _builder_version=\u00a0\u00bb4.27.4&Prime; _module_preset=\u00a0\u00bbdefault\u00a0\u00bb global_colors_info=\u00a0\u00bb{}\u00a0\u00bb]<\/p>\n<p>Chez <strong>JJLOGISTICS<\/strong>, nous proposons des services de conseil en transport et en optimisation logistique pour vous aider \u00e0 atteindre vos objectifs d\u2019efficacit\u00e9, de r\u00e9duction des co\u00fbts et d\u2019am\u00e9lioration continue de vos processus. Nos experts travaillent en \u00e9troite collaboration avec vous pour analyser vos besoins sp\u00e9cifiques et \u00e9laborer des strat\u00e9gies sur mesure qui vous permettront d\u2019optimiser vos op\u00e9rations logistiques tout en maximisant vos r\u00e9sultats.<\/p>\n<p>&nbsp;<\/p>\n<p>&nbsp;<\/p>\n<h3>Nos Services<\/h3>\n<h4><strong>1. Analyse des besoins logistiques et optimisation des flux de transport<\/strong><\/h4>\n<p>Notre approche commence par une \u00e9valuation compl\u00e8te et d\u00e9taill\u00e9e de vos besoins logistiques, des ressources disponibles et des flux de transport existants. Voici comment nous proc\u00e9dons :<\/p>\n<blockquote>\n<ul>\n<li><strong>Cartographie des flux<\/strong> : Nous analysons en profondeur vos itin\u00e9raires actuels, vos volumes de transport et les modes utilis\u00e9s (routier, maritime, a\u00e9rien, etc.). Cela permet de comprendre pr\u00e9cis\u00e9ment votre cha\u00eene d&rsquo;approvisionnement et d\u2019identifier les axes d\u2019am\u00e9lioration.<\/li>\n<li><strong>Identification des inefficacit\u00e9s<\/strong> : En \u00e9tudiant vos processus logistiques, nous rep\u00e9rons les points de friction, les itin\u00e9raires sous-optimaux, les temps de transit excessifs ou les capacit\u00e9s de transport non utilis\u00e9es. Nous mettons en \u00e9vidence les \u00e9tapes qui ralentissent vos op\u00e9rations et augmentent vos co\u00fbts.<\/li>\n<li><strong>Propositions de solutions personnalis\u00e9es<\/strong> : Sur la base de cette analyse, nous proposons des solutions adapt\u00e9es \u00e0 vos besoins, telles que l\u2019optimisation des itin\u00e9raires, la consolidation des exp\u00e9ditions, ou le choix de nouveaux modes de transport pour am\u00e9liorer l&rsquo;efficacit\u00e9 globale.<\/li>\n<\/ul>\n<\/blockquote>\n<blockquote>\n<h3><span style=\"text-decoration: underline;\"><strong>Avantages:<\/strong><\/span><\/h3>\n<\/blockquote>\n<p>[\/et_pb_text][\/et_pb_column][\/et_pb_row][et_pb_row column_structure=\u00a0\u00bb1_3,1_3,1_3&Prime; _builder_version=\u00a0\u00bb4.27.3&Prime; _module_preset=\u00a0\u00bbdefault\u00a0\u00bb global_colors_info=\u00a0\u00bb{}\u00a0\u00bb][et_pb_column type=\u00a0\u00bb1_3&Prime; _builder_version=\u00a0\u00bb4.27.3&Prime; _module_preset=\u00a0\u00bbdefault\u00a0\u00bb global_colors_info=\u00a0\u00bb{}\u00a0\u00bb][et_pb_text _builder_version=\u00a0\u00bb4.27.4&Prime; _module_preset=\u00a0\u00bbdefault\u00a0\u00bb global_colors_info=\u00a0\u00bb{}\u00a0\u00bb]<\/p>\n<p style=\"text-align: center;\"><strong><img loading=\"lazy\" decoding=\"async\" src=\"https:\/\/www.jjlogistics.fr\/wp-content\/uploads\/2024\/11\/Sans-titre-39.png\" width=\"100\" height=\"100\" alt=\"\" class=\"wp-image-8123 alignnone size-full\" \/><\/strong><\/p>\n<p style=\"text-align: center;\"><strong>R\u00e9duction des d\u00e9lais gr\u00e2ce \u00e0 des itin\u00e9raires optimis\u00e9s et plus rapides.<\/strong><\/p>\n<p>[\/et_pb_text][\/et_pb_column][et_pb_column type=\u00a0\u00bb1_3&Prime; _builder_version=\u00a0\u00bb4.27.3&Prime; _module_preset=\u00a0\u00bbdefault\u00a0\u00bb global_colors_info=\u00a0\u00bb{}\u00a0\u00bb][et_pb_text _builder_version=\u00a0\u00bb4.27.4&Prime; _module_preset=\u00a0\u00bbdefault\u00a0\u00bb global_colors_info=\u00a0\u00bb{}\u00a0\u00bb]<\/p>\n<p style=\"text-align: center;\"><strong><img loading=\"lazy\" decoding=\"async\" src=\"https:\/\/www.jjlogistics.fr\/wp-content\/uploads\/2024\/11\/Sans-titre-40.png\" width=\"100\" height=\"100\" alt=\"\" class=\"wp-image-8124 alignnone size-full\" \/><\/strong><\/p>\n<p style=\"text-align: center;\"><strong>Meilleure utilisation des ressources pour maximiser la capacit\u00e9 de transport et r\u00e9duire les co\u00fbts.<\/strong><\/p>\n<p>[\/et_pb_text][\/et_pb_column][et_pb_column type=\u00a0\u00bb1_3&Prime; _builder_version=\u00a0\u00bb4.27.3&Prime; _module_preset=\u00a0\u00bbdefault\u00a0\u00bb global_colors_info=\u00a0\u00bb{}\u00a0\u00bb][et_pb_text _builder_version=\u00a0\u00bb4.27.4&Prime; _module_preset=\u00a0\u00bbdefault\u00a0\u00bb global_colors_info=\u00a0\u00bb{}\u00a0\u00bb]<\/p>\n<p style=\"text-align: center;\"><strong><img loading=\"lazy\" decoding=\"async\" src=\"https:\/\/www.jjlogistics.fr\/wp-content\/uploads\/2024\/11\/Sans-titre-41.png\" width=\"100\" height=\"100\" alt=\"\" class=\"wp-image-8125 alignnone size-full\" \/><\/strong><\/p>\n<p style=\"text-align: center;\"><strong>Am\u00e9lioration de la fluidit\u00e9 des op\u00e9rations, avec un suivi simplifi\u00e9 et des processus plus agiles.<\/strong><\/p>\n<div id=\"malwarebytes-root\"><\/div>\n<p>[\/et_pb_text][\/et_pb_column][\/et_pb_row][et_pb_row _builder_version=\u00a0\u00bb4.27.3&Prime; _module_preset=\u00a0\u00bbdefault\u00a0\u00bb custom_padding=\u00a0\u00bb||0px|||\u00a0\u00bb global_colors_info=\u00a0\u00bb{}\u00a0\u00bb][et_pb_column type=\u00a0\u00bb4_4&Prime; _builder_version=\u00a0\u00bb4.27.3&Prime; _module_preset=\u00a0\u00bbdefault\u00a0\u00bb global_colors_info=\u00a0\u00bb{}\u00a0\u00bb][et_pb_text _builder_version=\u00a0\u00bb4.27.4&Prime; _module_preset=\u00a0\u00bbdefault\u00a0\u00bb width=\u00a0\u00bb100%\u00a0\u00bb custom_padding=\u00a0\u00bb|0px||||\u00a0\u00bb global_colors_info=\u00a0\u00bb{}\u00a0\u00bb]<\/p>\n<h4><strong>Strat\u00e9gies de r\u00e9duction des co\u00fbts et am\u00e9lioration des processus logistiques<\/strong><\/h4>\n<p>Pour garantir une logistique efficace et rentabiliser vos investissements, nous \u00e9laborons des strat\u00e9gies de r\u00e9duction des co\u00fbts tout en am\u00e9liorant la qualit\u00e9 et la rapidit\u00e9 de vos services :<\/p>\n<blockquote>\n<ul>\n<li><strong>Optimisation des capacit\u00e9s de transport<\/strong> : Nous analysons l\u2019utilisation des v\u00e9hicules pour \u00e9liminer les espaces inutilis\u00e9s et maximiser chaque exp\u00e9dition, r\u00e9duisant ainsi le co\u00fbt par unit\u00e9 transport\u00e9e.<\/li>\n<li><strong>Groupage des marchandises<\/strong> : Nous mettons en place des solutions de consolidation des envois (groupage), permettant de regrouper des petits lots en un seul transport afin de r\u00e9duire les co\u00fbts unitaires et de simplifier la gestion des exp\u00e9ditions.<\/li>\n<li><strong>Automatisation des processus<\/strong> : En int\u00e9grant des outils avanc\u00e9s comme les syst\u00e8mes de gestion des transports (TMS), nous automatisons les t\u00e2ches manuelles, ce qui diminue les erreurs humaines et optimise la planification des ressources.<\/li>\n<li><strong>Analyse des co\u00fbts cach\u00e9s<\/strong> : Nous proc\u00e9dons \u00e0 une analyse d\u00e9taill\u00e9e des co\u00fbts souvent invisibles tels que les frais de stockage, les p\u00e9nalit\u00e9s dues aux retards ou encore les co\u00fbts suppl\u00e9mentaires pour les trajets impr\u00e9vus, afin de les \u00e9liminer ou les r\u00e9duire.<\/li>\n<li><strong>R\u00e9vision des contrats avec les transporteurs<\/strong> : Nous n\u00e9gocions des accords plus avantageux avec vos prestataires de transport, en veillant \u00e0 maintenir un service de qualit\u00e9 tout en optimisant les co\u00fbts<\/li>\n<\/ul>\n<\/blockquote>\n<blockquote>\n<h3><span style=\"text-decoration: underline;\"><strong>Avantages :<\/strong><\/span><\/h3>\n<\/blockquote>\n<p>[\/et_pb_text][\/et_pb_column][\/et_pb_row][et_pb_row column_structure=\u00a0\u00bb1_3,1_3,1_3&Prime; _builder_version=\u00a0\u00bb4.27.3&Prime; _module_preset=\u00a0\u00bbdefault\u00a0\u00bb global_colors_info=\u00a0\u00bb{}\u00a0\u00bb][et_pb_column type=\u00a0\u00bb1_3&Prime; _builder_version=\u00a0\u00bb4.27.3&Prime; _module_preset=\u00a0\u00bbdefault\u00a0\u00bb global_colors_info=\u00a0\u00bb{}\u00a0\u00bb][et_pb_text _builder_version=\u00a0\u00bb4.27.4&Prime; _module_preset=\u00a0\u00bbdefault\u00a0\u00bb global_colors_info=\u00a0\u00bb{}\u00a0\u00bb]<\/p>\n<p style=\"text-align: center;\"><strong><img loading=\"lazy\" decoding=\"async\" src=\"https:\/\/www.jjlogistics.fr\/wp-content\/uploads\/2024\/11\/Sans-titre-42.png\" width=\"100\" height=\"100\" alt=\"\" class=\"wp-image-8126 alignnone size-full\" \/><\/strong><\/p>\n<p style=\"text-align: center;\"><strong>R\u00e9duction significative des co\u00fbts de transport gr\u00e2ce \u00e0 l&rsquo;optimisation des ressources et des processus.<\/strong><\/p>\n<p>[\/et_pb_text][\/et_pb_column][et_pb_column type=\u00a0\u00bb1_3&Prime; _builder_version=\u00a0\u00bb4.27.3&Prime; _module_preset=\u00a0\u00bbdefault\u00a0\u00bb global_colors_info=\u00a0\u00bb{}\u00a0\u00bb][et_pb_text _builder_version=\u00a0\u00bb4.27.4&Prime; _module_preset=\u00a0\u00bbdefault\u00a0\u00bb global_colors_info=\u00a0\u00bb{}\u00a0\u00bb]<\/p>\n<p style=\"text-align: center;\"><strong><img loading=\"lazy\" decoding=\"async\" src=\"https:\/\/www.jjlogistics.fr\/wp-content\/uploads\/2024\/11\/Sans-titre-43.png\" width=\"100\" height=\"100\" alt=\"\" class=\"wp-image-8127 alignnone size-full\" \/><\/strong><\/p>\n<p style=\"text-align: center;\"><strong>Rationalisation des op\u00e9rations logistiques, avec moins de risques d&rsquo;erreurs et de retards.<\/strong><\/p>\n<p>[\/et_pb_text][\/et_pb_column][et_pb_column type=\u00a0\u00bb1_3&Prime; _builder_version=\u00a0\u00bb4.27.3&Prime; _module_preset=\u00a0\u00bbdefault\u00a0\u00bb global_colors_info=\u00a0\u00bb{}\u00a0\u00bb][et_pb_text _builder_version=\u00a0\u00bb4.27.4&Prime; _module_preset=\u00a0\u00bbdefault\u00a0\u00bb global_colors_info=\u00a0\u00bb{}\u00a0\u00bb]<\/p>\n<p style=\"text-align: center;\"><strong><img loading=\"lazy\" decoding=\"async\" src=\"https:\/\/www.jjlogistics.fr\/wp-content\/uploads\/2024\/11\/Sans-titre-44.png\" width=\"100\" height=\"100\" alt=\"\" class=\"wp-image-8128 alignnone size-full\" \/><\/strong><\/p>\n<p style=\"text-align: center;\"><strong>Am\u00e9lioration de la performance globale de votre cha\u00eene d&rsquo;approvisionnement, augmentant votre comp\u00e9titivit\u00e9.<\/strong><\/p>\n<div id=\"malwarebytes-root\"><\/div>\n<div id=\"malwarebytes-root\"><\/div>\n<p>[\/et_pb_text][\/et_pb_column][\/et_pb_row][et_pb_row _builder_version=\u00a0\u00bb4.27.3&Prime; _module_preset=\u00a0\u00bbdefault\u00a0\u00bb global_colors_info=\u00a0\u00bb{}\u00a0\u00bb][et_pb_column type=\u00a0\u00bb4_4&Prime; _builder_version=\u00a0\u00bb4.27.3&Prime; _module_preset=\u00a0\u00bbdefault\u00a0\u00bb global_colors_info=\u00a0\u00bb{}\u00a0\u00bb][et_pb_text _builder_version=\u00a0\u00bb4.27.4&Prime; _module_preset=\u00a0\u00bbdefault\u00a0\u00bb global_colors_info=\u00a0\u00bb{}\u00a0\u00bb]<\/p>\n<h3><strong>Pourquoi choisir nos services de conseil <\/strong><\/h3>\n<p><strong><\/strong><\/p>\n<h3><strong>Expertise sectorielle<\/strong> :<\/h3>\n<p>Nos consultants poss\u00e8dent une connaissance approfondie des d\u00e9fis logistiques et des meilleures pratiques du secteur du transport, ce qui nous permet de proposer des solutions r\u00e9alistes et adapt\u00e9es \u00e0 vos besoins.<\/p>\n<blockquote>\n<ul>\n<li><strong>Approche sur mesure<\/strong> : Chaque entreprise \u00e9tant unique, nous adaptons nos strat\u00e9gies en fonction de vos objectifs sp\u00e9cifiques, de vos ressources disponibles et de vos contraintes logistiques.<\/li>\n<li><strong>R\u00e9sultats mesurables<\/strong> : Nos solutions sont con\u00e7ues pour fournir des r\u00e9sultats tangibles, notamment des \u00e9conomies concr\u00e8tes, une meilleure gestion des flux et une augmentation de la satisfaction client.<\/li>\n<li><strong>Vision \u00e0 long terme<\/strong> : Nous ne nous contentons pas d\u2019optimiser vos processus actuels, mais nous vous pr\u00e9parons \u00e0 faire face aux d\u00e9fis futurs en anticipant les \u00e9volutions du march\u00e9 et les nouvelles technologies.<\/li>\n<\/ul>\n<\/blockquote>\n<p>[\/et_pb_text][et_pb_text _builder_version=\u00a0\u00bb4.27.4&Prime; _module_preset=\u00a0\u00bbdefault\u00a0\u00bb global_colors_info=\u00a0\u00bb{}\u00a0\u00bb]<\/p>\n<h3><strong>Vous souhaitez en savoir plus ?<\/strong><\/h3>\n<p>Nos experts sont \u00e0 votre disposition pour r\u00e9pondre \u00e0 vos questions et vous accompagner dans l\u2019optimisation de vos processus logistiques et de transport. Ensemble, nous trouverons des solutions adapt\u00e9es \u00e0 vos besoins pour am\u00e9liorer vos performances et r\u00e9duire vos co\u00fbts.<\/p>\n<p>&nbsp;<\/p>\n<p>[\/et_pb_text][et_pb_button button_url=\u00a0\u00bbhttps:\/\/www.jjlogistics.fr\/index.php\/contact\/\u00a0\u00bb button_text=\u00a0\u00bbCONTACTEZ-NOUS\u00a0\u00bb button_alignment=\u00a0\u00bbcenter\u00a0\u00bb _builder_version=\u00a0\u00bb4.27.3&Prime; _module_preset=\u00a0\u00bb28ca2dd4-0060-4a6f-9d69-1560b054fb66&Prime; custom_margin=\u00a0\u00bb||-7px||false|false\u00a0\u00bb locked=\u00a0\u00bboff\u00a0\u00bb global_colors_info=\u00a0\u00bb{}\u00a0\u00bb][\/et_pb_button][\/et_pb_column][\/et_pb_row][\/et_pb_section][et_pb_section fb_built=\u00a0\u00bb1&Prime; make_equal=\u00a0\u00bbon\u00a0\u00bb use_custom_gutter=\u00a0\u00bbon\u00a0\u00bb gutter_width=\u00a0\u00bb1&Prime; specialty=\u00a0\u00bbon\u00a0\u00bb background_color_2=\u00a0\u00bb#2A2F31&Prime; bg_img_1=\u00a0\u00bbhttps:\/\/www.jjlogistics.fr\/wp-content\/uploads\/2025\/01\/AdobeStock_929678903-scaled.jpeg\u00a0\u00bb use_background_color_gradient_1=\u00a0\u00bboff\u00a0\u00bb background_enable_pattern_style_1=\u00a0\u00bboff\u00a0\u00bb background_enable_mask_style_1=\u00a0\u00bboff\u00a0\u00bb padding_top_2=\u00a0\u00bb8%\u00a0\u00bb padding_right_2=\u00a0\u00bb8%\u00a0\u00bb padding_bottom_2=\u00a0\u00bb8%\u00a0\u00bb padding_left_2=\u00a0\u00bb8%\u00a0\u00bb padding_top_bottom_link_2=\u00a0\u00bbtrue\u00a0\u00bb padding_left_right_link_2=\u00a0\u00bbtrue\u00a0\u00bb admin_label=\u00a0\u00bbStats\u00a0\u00bb _builder_version=\u00a0\u00bb4.27.4&Prime; _module_preset=\u00a0\u00bbdefault\u00a0\u00bb inner_width=\u00a0\u00bb100%\u00a0\u00bb inner_max_width=\u00a0\u00bbnone\u00a0\u00bb custom_padding=\u00a0\u00bb0px||0px||true|false\u00a0\u00bb hover_enabled=\u00a0\u00bb0&Prime; locked=\u00a0\u00bboff\u00a0\u00bb collapsed=\u00a0\u00bbon\u00a0\u00bb global_colors_info=\u00a0\u00bb{}\u00a0\u00bb title_text=\u00a0\u00bbTop view of logistics concept with trucks and cardboard boxes. Ideal for delivery services, shipping, and distribution industries.\u00a0\u00bb sticky_enabled=\u00a0\u00bb0&Prime;][et_pb_column type=\u00a0\u00bb1_2&Prime; _builder_version=\u00a0\u00bb4.16&Prime; _module_preset=\u00a0\u00bbdefault\u00a0\u00bb custom_padding=\u00a0\u00bb|||\u00a0\u00bb global_colors_info=\u00a0\u00bb{}\u00a0\u00bb custom_padding__hover=\u00a0\u00bb|||\u00a0\u00bb][et_pb_divider show_divider=\u00a0\u00bboff\u00a0\u00bb _builder_version=\u00a0\u00bb4.19.1&Prime; _module_preset=\u00a0\u00bbdefault\u00a0\u00bb height_tablet=\u00a0\u00bb40vw\u00a0\u00bb height_phone=\u00a0\u00bb40vw\u00a0\u00bb height_last_edited=\u00a0\u00bbon|tablet\u00a0\u00bb locked=\u00a0\u00bboff\u00a0\u00bb global_colors_info=\u00a0\u00bb{}\u00a0\u00bb][\/et_pb_divider][\/et_pb_column][et_pb_column type=\u00a0\u00bb1_2&Prime; specialty_columns=\u00a0\u00bb2&Prime; _builder_version=\u00a0\u00bb4.16&Prime; _module_preset=\u00a0\u00bbdefault\u00a0\u00bb custom_padding=\u00a0\u00bb|||\u00a0\u00bb global_colors_info=\u00a0\u00bb{}\u00a0\u00bb custom_padding__hover=\u00a0\u00bb|||\u00a0\u00bb][et_pb_row_inner _builder_version=\u00a0\u00bb4.27.2&Prime; _module_preset=\u00a0\u00bbdefault\u00a0\u00bb custom_margin=\u00a0\u00bb-16%||-10%||false|false\u00a0\u00bb custom_padding=\u00a0\u00bb0px||0px|||\u00a0\u00bb global_colors_info=\u00a0\u00bb{}\u00a0\u00bb][et_pb_column_inner saved_specialty_column_type=\u00a0\u00bb1_2&Prime; _builder_version=\u00a0\u00bb4.19.1&Prime; _module_preset=\u00a0\u00bbdefault\u00a0\u00bb global_colors_info=\u00a0\u00bb{}\u00a0\u00bb][et_pb_text _builder_version=\u00a0\u00bb4.27.2&Prime; _module_preset=\u00a0\u00bb441fc02c-daf6-4229-ab4d-9a62b0ab5da9&Prime; header_text_color=\u00a0\u00bb#FFFFFF\u00a0\u00bb header_6_text_color=\u00a0\u00bb#FFFFFF\u00a0\u00bb min_height=\u00a0\u00bb190.2px\u00a0\u00bb custom_margin=\u00a0\u00bb||-59px|||\u00a0\u00bb custom_padding=\u00a0\u00bb3px||0px||false|false\u00a0\u00bb global_colors_info=\u00a0\u00bb{}\u00a0\u00bb]<\/p>\n<h2 style=\"text-align: center;\"><span style=\"color: #ffffff;\">FAQ<\/span><\/h2>\n<p>[\/et_pb_text][\/et_pb_column_inner][\/et_pb_row_inner][et_pb_row_inner _builder_version=\u00a0\u00bb4.27.2&Prime; _module_preset=\u00a0\u00bbdefault\u00a0\u00bb min_height=\u00a0\u00bb458.1px\u00a0\u00bb custom_margin=\u00a0\u00bb||-49px||false|false\u00a0\u00bb custom_margin_tablet=\u00a0\u00bb||60px||false|false\u00a0\u00bb custom_margin_phone=\u00a0\u00bb||60px||false|false\u00a0\u00bb custom_margin_last_edited=\u00a0\u00bbon|phone\u00a0\u00bb global_colors_info=\u00a0\u00bb{}\u00a0\u00bb][et_pb_column_inner saved_specialty_column_type=\u00a0\u00bb1_2&Prime; _builder_version=\u00a0\u00bb4.19.2&Prime; _module_preset=\u00a0\u00bbdefault\u00a0\u00bb global_colors_info=\u00a0\u00bb{}\u00a0\u00bb][et_pb_blurb title=\u00a0\u00bbComment le conseil en transport peut-il aider mon entreprise \u00e0 r\u00e9duire les co\u00fbts ?\u00a0\u00bb _builder_version=\u00a0\u00bb4.27.4&Prime; _module_preset=\u00a0\u00bb114d5f57-50e6-49d3-9bb4-98cff40c2153&Prime; header_text_color=\u00a0\u00bb#FFFFFF\u00a0\u00bb body_text_color=\u00a0\u00bb#FFFFFF\u00a0\u00bb border_color_all=\u00a0\u00bb#FFFFFF\u00a0\u00bb locked=\u00a0\u00bboff\u00a0\u00bb global_colors_info=\u00a0\u00bb{}\u00a0\u00bb]<\/p>\n<p>Le conseil en transport analyse vos flux logistiques, identifie les inefficacit\u00e9s (itin\u00e9raires sous-optimaux, trajets \u00e0 vide, etc.) et propose des solutions telles que la mutualisation des envois ou l\u2019automatisation des processus, permettant de r\u00e9duire vos d\u00e9penses.<\/p>\n<p>[\/et_pb_blurb][et_pb_blurb title=\u00a0\u00bbQuels aspects de ma cha\u00eene logistique peuvent \u00eatre optimis\u00e9s ?\u00a0\u00bb _builder_version=\u00a0\u00bb4.27.4&Prime; _module_preset=\u00a0\u00bb114d5f57-50e6-49d3-9bb4-98cff40c2153&Prime; header_text_color=\u00a0\u00bb#FFFFFF\u00a0\u00bb body_text_color=\u00a0\u00bb#FFFFFF\u00a0\u00bb border_color_all=\u00a0\u00bb#FFFFFF\u00a0\u00bb locked=\u00a0\u00bboff\u00a0\u00bb global_colors_info=\u00a0\u00bb{}\u00a0\u00bb]<\/p>\n<p>Tous les aspects, y compris la planification des itin\u00e9raires, la gestion des capacit\u00e9s de transport, le choix des transporteurs, et m\u00eame l&rsquo;int\u00e9gration de technologies comme les syst\u00e8mes de gestion des transports (TMS) pour une logistique plus agile.<\/p>\n<p>[\/et_pb_blurb][et_pb_blurb title=\u00a0\u00bbCombien de temps faut-il pour constater des r\u00e9sultats apr\u00e8s une optimisation ?\u00a0\u00bb _builder_version=\u00a0\u00bb4.27.4&Prime; _module_preset=\u00a0\u00bb114d5f57-50e6-49d3-9bb4-98cff40c2153&Prime; header_text_color=\u00a0\u00bb#FFFFFF\u00a0\u00bb body_text_color=\u00a0\u00bb#FFFFFF\u00a0\u00bb border_color_all=\u00a0\u00bb#FFFFFF\u00a0\u00bb locked=\u00a0\u00bboff\u00a0\u00bb global_colors_info=\u00a0\u00bb{}\u00a0\u00bb]<\/p>\n<p>Les premiers r\u00e9sultats peuvent \u00eatre visibles rapidement, souvent d\u00e8s les premi\u00e8res semaines suivant la mise en \u0153uvre des recommandations, notamment gr\u00e2ce \u00e0 des \u00e9conomies imm\u00e9diates sur les co\u00fbts de transport et une am\u00e9lioration de la ponctualit\u00e9 des livraisons.<\/p>\n<p>[\/et_pb_blurb][\/et_pb_column_inner][\/et_pb_row_inner][\/et_pb_column][\/et_pb_section][et_pb_section fb_built=\u00a0\u00bb1&Prime; admin_label=\u00a0\u00bbFooter\u00a0\u00bb _builder_version=\u00a0\u00bb4.21.0&Prime; _module_preset=\u00a0\u00bbdefault\u00a0\u00bb background_color=\u00a0\u00bb#000000&Prime; custom_padding=\u00a0\u00bb1px||0px|||\u00a0\u00bb saved_tabs=\u00a0\u00bball\u00a0\u00bb locked=\u00a0\u00bboff\u00a0\u00bb collapsed=\u00a0\u00bbon\u00a0\u00bb global_colors_info=\u00a0\u00bb{}\u00a0\u00bb][et_pb_row column_structure=\u00a0\u00bb1_2,1_2&Prime; _builder_version=\u00a0\u00bb4.27.3&Prime; _module_preset=\u00a0\u00bbdefault\u00a0\u00bb custom_padding=\u00a0\u00bb||1px|||\u00a0\u00bb global_colors_info=\u00a0\u00bb{}\u00a0\u00bb][et_pb_column type=\u00a0\u00bb1_2&Prime; _builder_version=\u00a0\u00bb4.19.1&Prime; _module_preset=\u00a0\u00bbdefault\u00a0\u00bb global_colors_info=\u00a0\u00bb{}\u00a0\u00bb][et_pb_image src=\u00a0\u00bbhttps:\/\/www.jjlogistics.fr\/wp-content\/uploads\/2024\/09\/JJ-LOGISTICS2-1.png\u00a0\u00bb title_text=\u00a0\u00bbJJ LOGISTICS2&Prime; _builder_version=\u00a0\u00bb4.27.3&Prime; _module_preset=\u00a0\u00bbdefault\u00a0\u00bb width=\u00a0\u00bb100%\u00a0\u00bb max_width=\u00a0\u00bb100%\u00a0\u00bb min_height=\u00a0\u00bb126px\u00a0\u00bb max_height=\u00a0\u00bb64px\u00a0\u00bb custom_margin=\u00a0\u00bb||8px|||\u00a0\u00bb custom_padding=\u00a0\u00bb||0px|||\u00a0\u00bb global_colors_info=\u00a0\u00bb{}\u00a0\u00bb][\/et_pb_image][et_pb_text _builder_version=\u00a0\u00bb4.27.4&Prime; _module_preset=\u00a0\u00bb39308f8f-2413-44a0-a7fa-c76164dfabcf\u00a0\u00bb text_text_color=\u00a0\u00bb#FFFFFF\u00a0\u00bb global_colors_info=\u00a0\u00bb{}\u00a0\u00bb]<\/p>\n<p style=\"text-align: justify;\"><strong>Votre partenaire en transport routier sur mesure<\/strong><\/p>\n<p style=\"text-align: justify;\">Nous mettons \u00e0 votre disposition des solutions logistiques fiables et flexibles pour r\u00e9pondre \u00e0 tous vos besoins de transport. Avec notre r\u00e9seau de partenaires et notre expertise en gestion des flux routiers, nous assurons l&rsquo;acheminement rapide et s\u00e9curis\u00e9 de vos marchandises.<\/p>\n<p style=\"text-align: justify;\"><strong>Contactez-nous<\/strong> : <a href=\"mailto:Contact@jjlogistics.fr\"><span style=\"color: #33cccc;\">Contact@jjlogistics.fr<\/span><\/a><\/p>\n<p>[\/et_pb_text][\/et_pb_column][et_pb_column type=\u00a0\u00bb1_2&Prime; _builder_version=\u00a0\u00bb4.27.3&Prime; _module_preset=\u00a0\u00bbdefault\u00a0\u00bb custom_padding=\u00a0\u00bb|42px||42px|false|true\u00a0\u00bb global_colors_info=\u00a0\u00bb{}\u00a0\u00bb][et_pb_text _builder_version=\u00a0\u00bb4.27.3&Prime; _module_preset=\u00a0\u00bbb23e58da-c4a2-4e01-8b1a-c8cd9438162a\u00a0\u00bb header_4_text_color=\u00a0\u00bb#FFFFFF\u00a0\u00bb custom_margin=\u00a0\u00bb||1px|||\u00a0\u00bb custom_padding=\u00a0\u00bb20px||||false|false\u00a0\u00bb border_color_all=\u00a0\u00bbrgba(255,255,255,0.2)\u00a0\u00bb border_width_top=\u00a0\u00bb1px\u00a0\u00bb global_colors_info=\u00a0\u00bb{}\u00a0\u00bb]<\/p>\n<h4>Services<\/h4>\n<p>[\/et_pb_text][et_pb_text _builder_version=\u00a0\u00bb4.27.4&Prime; _module_preset=\u00a0\u00bbdefault\u00a0\u00bb text_text_color=\u00a0\u00bb#FFFFFF\u00a0\u00bb link_text_color=\u00a0\u00bb#FFFFFF\u00a0\u00bb custom_margin=\u00a0\u00bb||10px||false|false\u00a0\u00bb link_option_url=\u00a0\u00bbhttps:\/\/www.jjlogistics.fr\/index.php\/supply-chain\/\u00a0\u00bb global_colors_info=\u00a0\u00bb{}\u00a0\u00bb]<\/p>\n<p><a href=\"https:\/\/www.jjlogistics.fr\/index.php\/supply-chain\/\">Supply Chain<\/a><\/p>\n<p>[\/et_pb_text][et_pb_text _builder_version=\u00a0\u00bb4.27.4&Prime; _module_preset=\u00a0\u00bbdefault\u00a0\u00bb text_text_color=\u00a0\u00bb#FFFFFF\u00a0\u00bb link_text_color=\u00a0\u00bb#FFFFFF\u00a0\u00bb custom_margin=\u00a0\u00bb||10px||false|false\u00a0\u00bb link_option_url=\u00a0\u00bbhttps:\/\/www.jjlogistics.fr\/index.php\/transport-national-et-international\/\u00a0\u00bb global_colors_info=\u00a0\u00bb{}\u00a0\u00bb]<\/p>\n<p><a href=\"https:\/\/www.jjlogistics.fr\/index.php\/transport-national-et-international\/\">Transport<\/a><\/p>\n<p>[\/et_pb_text][et_pb_text _builder_version=\u00a0\u00bb4.27.4&Prime; _module_preset=\u00a0\u00bbdefault\u00a0\u00bb text_text_color=\u00a0\u00bb#FFFFFF\u00a0\u00bb link_text_color=\u00a0\u00bb#FFFFFF\u00a0\u00bb custom_margin=\u00a0\u00bb||10px||false|false\u00a0\u00bb link_option_url=\u00a0\u00bbhttps:\/\/www.jjlogistics.fr\/index.php\/solution-de-transport\/\u00a0\u00bb global_colors_info=\u00a0\u00bb{}\u00a0\u00bb]<\/p>\n<p><a href=\"https:\/\/www.jjlogistics.fr\/index.php\/solution-de-transport\/\">Solutions de Transport Sp\u00e9cialis\u00e9es<\/a><\/p>\n<p>[\/et_pb_text][et_pb_text _builder_version=\u00a0\u00bb4.27.4&Prime; _module_preset=\u00a0\u00bbdefault\u00a0\u00bb text_text_color=\u00a0\u00bb#FFFFFF\u00a0\u00bb link_text_color=\u00a0\u00bb#FFFFFF\u00a0\u00bb custom_margin=\u00a0\u00bb||10px||false|false\u00a0\u00bb link_option_url=\u00a0\u00bbhttps:\/\/www.jjlogistics.fr\/index.php\/formalites-douanieres-et-conformite\/\u00a0\u00bb global_colors_info=\u00a0\u00bb{}\u00a0\u00bb]<\/p>\n<p><a href=\"https:\/\/www.jjlogistics.fr\/index.php\/formalites-douanieres-et-conformite\/\">Formalit\u00e9s Douani\u00e8res et Conformit\u00e9<\/a><\/p>\n<p>[\/et_pb_text][et_pb_text _builder_version=\u00a0\u00bb4.27.4&Prime; _module_preset=\u00a0\u00bbdefault\u00a0\u00bb text_text_color=\u00a0\u00bb#FFFFFF\u00a0\u00bb link_text_color=\u00a0\u00bb#FFFFFF\u00a0\u00bb custom_margin=\u00a0\u00bb||10px||false|false\u00a0\u00bb link_option_url=\u00a0\u00bbhttps:\/\/www.jjlogistics.fr\/index.php\/suivi-et-tracabilite\/\u00a0\u00bb global_colors_info=\u00a0\u00bb{}\u00a0\u00bb]<\/p>\n<p><a href=\"https:\/\/www.jjlogistics.fr\/index.php\/suivi-et-tracabilite\/\">Suivi et Tra\u00e7abilit\u00e9 en Temps R\u00e9el<\/a><\/p>\n<p>[\/et_pb_text][et_pb_text _builder_version=\u00a0\u00bb4.27.4&Prime; _module_preset=\u00a0\u00bbdefault\u00a0\u00bb text_text_color=\u00a0\u00bb#FFFFFF\u00a0\u00bb link_text_color=\u00a0\u00bb#FFFFFF\u00a0\u00bb custom_margin=\u00a0\u00bb||10px||false|false\u00a0\u00bb global_colors_info=\u00a0\u00bb{}\u00a0\u00bb]<\/p>\n<p><a href=\"https:\/\/www.jjlogistics.fr\/index.php\/assurance-transport\/\">Assurance Transport<\/a><\/p>\n<p>[\/et_pb_text][et_pb_text _builder_version=\u00a0\u00bb4.27.3&Prime; _module_preset=\u00a0\u00bbb23e58da-c4a2-4e01-8b1a-c8cd9438162a\u00a0\u00bb header_4_text_color=\u00a0\u00bb#FFFFFF\u00a0\u00bb custom_padding=\u00a0\u00bb17px||||false|false\u00a0\u00bb border_color_all=\u00a0\u00bbrgba(255,255,255,0.2)\u00a0\u00bb border_width_top=\u00a0\u00bb1px\u00a0\u00bb global_colors_info=\u00a0\u00bb{}\u00a0\u00bb]<\/p>\n<h4>A propos<\/h4>\n<p>[\/et_pb_text][et_pb_text _builder_version=\u00a0\u00bb4.27.4&Prime; _module_preset=\u00a0\u00bbdefault\u00a0\u00bb text_text_color=\u00a0\u00bb#FFFFFF\u00a0\u00bb link_text_color=\u00a0\u00bb#FFFFFF\u00a0\u00bb custom_margin=\u00a0\u00bb||10px||false|false\u00a0\u00bb global_colors_info=\u00a0\u00bb{}\u00a0\u00bb]<\/p>\n<p><a href=\"https:\/\/www.jjlogistics.fr\/index.php\/a-propos\/\">Qui sommes nous ?<\/a><\/p>\n<p>[\/et_pb_text][\/et_pb_column][\/et_pb_row][et_pb_row _builder_version=\u00a0\u00bb4.27.4&Prime; _module_preset=\u00a0\u00bbdefault\u00a0\u00bb global_colors_info=\u00a0\u00bb{}\u00a0\u00bb][et_pb_column type=\u00a0\u00bb4_4&Prime; _builder_version=\u00a0\u00bb4.27.3&Prime; _module_preset=\u00a0\u00bbdefault\u00a0\u00bb global_colors_info=\u00a0\u00bb{}\u00a0\u00bb][et_pb_text _builder_version=\u00a0\u00bb4.27.4&Prime; _module_preset=\u00a0\u00bbdefault\u00a0\u00bb global_colors_info=\u00a0\u00bb{}\u00a0\u00bb]<\/p>\n<p style=\"text-align: center;\">\u00a9 Copyright 2024 JJLOGISTICS &#8211; <span style=\"color: #33cccc;\"><a href=\"https:\/\/www.jjlogistics.fr\/index.php\/mention-legales\/\" rel=\"nofollow\" style=\"color: #33cccc;\"> Mentions l\u00e9gales &#038; Cookies<\/a> [\/et_pb_text][\/et_pb_column][\/et_pb_row][\/et_pb_section]<\/p>\n","protected":false},"excerpt":{"rendered":"<p>Conseil en Transport et OptimisationConseil en Transport et Optimisation : Maximisez Vos Performances LogistiquesChez JJLOGISTICS, nous proposons des services de conseil en transport et en optimisation logistique pour vous aider \u00e0 atteindre vos objectifs d\u2019efficacit\u00e9, de r\u00e9duction des co\u00fbts et d\u2019am\u00e9lioration continue de vos processus. Nos experts travaillent en \u00e9troite collaboration avec vous pour analyser [&hellip;]<\/p>\n","protected":false},"author":1,"featured_media":0,"parent":0,"menu_order":0,"comment_status":"closed","ping_status":"closed","template":"","meta":{"_et_pb_use_builder":"on","_et_pb_old_content":"","_et_gb_content_width":"","footnotes":""},"class_list":["post-8116","page","type-page","status-publish","hentry"],"_links":{"self":[{"href":"https:\/\/www.jjlogistics.fr\/index.php\/wp-json\/wp\/v2\/pages\/8116","targetHints":{"allow":["GET"]}}],"collection":[{"href":"https:\/\/www.jjlogistics.fr\/index.php\/wp-json\/wp\/v2\/pages"}],"about":[{"href":"https:\/\/www.jjlogistics.fr\/index.php\/wp-json\/wp\/v2\/types\/page"}],"author":[{"embeddable":true,"href":"https:\/\/www.jjlogistics.fr\/index.php\/wp-json\/wp\/v2\/users\/1"}],"replies":[{"embeddable":true,"href":"https:\/\/www.jjlogistics.fr\/index.php\/wp-json\/wp\/v2\/comments?post=8116"}],"version-history":[{"count":10,"href":"https:\/\/www.jjlogistics.fr\/index.php\/wp-json\/wp\/v2\/pages\/8116\/revisions"}],"predecessor-version":[{"id":8312,"href":"https:\/\/www.jjlogistics.fr\/index.php\/wp-json\/wp\/v2\/pages\/8116\/revisions\/8312"}],"wp:attachment":[{"href":"https:\/\/www.jjlogistics.fr\/index.php\/wp-json\/wp\/v2\/media?parent=8116"}],"curies":[{"name":"wp","href":"https:\/\/api.w.org\/{rel}","templated":true}]}}